{"id":27,"date":"2024-04-09T15:17:11","date_gmt":"2024-04-09T18:17:11","guid":{"rendered":"https:\/\/liceotomasburgos.cl\/sitio\/?page_id=27"},"modified":"2024-04-10T11:50:49","modified_gmt":"2024-04-10T14:50:49","slug":"somos-bicentenario","status":"publish","type":"page","link":"https:\/\/liceotomasburgos.cl\/sitio\/somos-bicentenario\/","title":{"rendered":"Somos un Establecimiento Bicentenario"},"content":{"rendered":"\t\t<div data-elementor-type=\"wp-page\" data-elementor-id=\"27\" class=\"elementor elementor-27\">\n\t\t\t\t<div class=\"elementor-element elementor-element-8195bd5 e-flex e-con-boxed e-con e-parent\" data-id=\"8195bd5\" data-element_type=\"container\" data-e-type=\"container\">\n\t\t\t\t\t<div class=\"e-con-inner\">\n\t\t<div class=\"elementor-element elementor-element-56b6726 e-con-full e-flex e-con e-child\" data-id=\"56b6726\" data-element_type=\"container\" data-e-type=\"container\">\n\t\t\t\t<div class=\"elementor-element elementor-element-67b16b2 elementor-widget elementor-widget-text-editor\" data-id=\"67b16b2\" data-element_type=\"widget\" data-e-type=\"widget\" data-widget_type=\"text-editor.default\">\n\t\t\t\t<div class=\"elementor-widget-container\">\n\t\t\t\t\t\t\t\t\t<p>Desde el a\u00f1o 2020 tenemos el sello BICENTENARIO. Este responde a un programa impulsado por el Ministerio de Educaci\u00f3n que busca fortalecer la Educaci\u00f3n Media en sus distintas modalidades, intencionando a que los Establecimientos Educacionales se comprometan a alcanzar, recuperar y\/o mantener est\u00e1ndares de excelencia y entregar una educaci\u00f3n de calidad, que permita acceder a los estudiantes a las herramientas que necesitan para enfrentarse al futuro, sea este, el mundo laboral o la educaci\u00f3n superior.<br \/>Para la obtenci\u00f3n de esta categor\u00eda se consideraron diversos est\u00e1ndares asociados a indicadores de proceso y resultados, que abordan la calidad de la Educaci\u00f3n Media de forma integral, teniendo en consideraci\u00f3n tanto la formaci\u00f3n general, como la diferenciada. Los par\u00e1metros establecidos para la obtenci\u00f3n del sello son:<\/p>\t\t\t\t\t\t\t\t<\/div>\n\t\t\t\t<\/div>\n\t\t\t\t<\/div>\n\t\t<div class=\"elementor-element elementor-element-e4b5038 e-con-full e-flex e-con e-child\" data-id=\"e4b5038\" data-element_type=\"container\" data-e-type=\"container\">\n\t\t\t\t<div class=\"elementor-element elementor-element-6209f79 elementor-widget elementor-widget-image\" data-id=\"6209f79\" data-element_type=\"widget\" data-e-type=\"widget\" data-widget_type=\"image.default\">\n\t\t\t\t<div class=\"elementor-widget-container\">\n\t\t\t\t\t\t\t\t\t\t\t\t\t\t\t<img fetchpriority=\"high\" decoding=\"async\" width=\"1024\" height=\"273\" src=\"https:\/\/liceotomasburgos.cl\/sitio\/wp-content\/uploads\/2024\/04\/logo-liceos-bicentenario-1.png\" class=\"attachment-large size-large wp-image-131\" alt=\"\" \/>\t\t\t\t\t\t\t\t\t\t\t\t\t\t\t<\/div>\n\t\t\t\t<\/div>\n\t\t\t\t<\/div>\n\t\t\t\t\t<\/div>\n\t\t\t\t<\/div>\n\t\t<div class=\"elementor-element elementor-element-4e89fd7 e-flex e-con-boxed e-con e-parent\" data-id=\"4e89fd7\" data-element_type=\"container\" data-e-type=\"container\">\n\t\t\t\t\t<div class=\"e-con-inner\">\n\t\t<div class=\"elementor-element elementor-element-0ff3721 e-con-full e-flex e-con e-child\" data-id=\"0ff3721\" data-element_type=\"container\" data-e-type=\"container\">\n\t\t\t\t<div class=\"elementor-element elementor-element-b30320c elementor-widget elementor-widget-text-editor\" data-id=\"b30320c\" data-element_type=\"widget\" data-e-type=\"widget\" data-widget_type=\"text-editor.default\">\n\t\t\t\t<div class=\"elementor-widget-container\">\n\t\t\t\t\t\t\t\t\t<p><span style=\"color: #ffffff;\"><em><strong>Indicadores de Resultado<\/strong><\/em><\/span><\/p><p>* SIMCE<br \/>* Desarrollo Personal y Social<br \/>* Titulaci\u00f3n de estudiantes<\/p>\t\t\t\t\t\t\t\t<\/div>\n\t\t\t\t<\/div>\n\t\t\t\t<div class=\"elementor-element elementor-element-12e1cb5 elementor-widget__width-initial elementor-widget elementor-widget-image\" data-id=\"12e1cb5\" data-element_type=\"widget\" data-e-type=\"widget\" data-widget_type=\"image.default\">\n\t\t\t\t<div class=\"elementor-widget-container\">\n\t\t\t\t\t\t\t\t\t\t\t\t\t\t\t<img decoding=\"async\" width=\"300\" height=\"300\" src=\"https:\/\/liceotomasburgos.cl\/sitio\/wp-content\/uploads\/2024\/04\/LOGO-CON-VOLUMEN-25-X-25-CM-300-DPI-1.png\" class=\"attachment-medium size-medium wp-image-8\" alt=\"\" \/>\t\t\t\t\t\t\t\t\t\t\t\t\t\t\t<\/div>\n\t\t\t\t<\/div>\n\t\t\t\t<\/div>\n\t\t<div class=\"elementor-element elementor-element-9c02e7b e-con-full e-flex e-con e-child\" data-id=\"9c02e7b\" data-element_type=\"container\" data-e-type=\"container\">\n\t\t\t\t<div class=\"elementor-element elementor-element-82af973 elementor-widget elementor-widget-text-editor\" data-id=\"82af973\" data-element_type=\"widget\" data-e-type=\"widget\" data-widget_type=\"text-editor.default\">\n\t\t\t\t<div class=\"elementor-widget-container\">\n\t\t\t\t\t\t\t\t\t<p><span style=\"color: #ffffff;\"><em><strong>Indicadores de Proceso<\/strong><\/em><\/span><br \/>* Certificaciones<br \/>* Articulaci\u00f3n FG \u2013 FD (Formaci\u00f3n General \u2013 Formaci\u00f3n Diferenciada)<br \/>* Participaci\u00f3n en redes* Monitoreo de satisfacci\u00f3n de la Comunidad Educativa<\/p><p>* Seguimiento de egresados<br \/>* Formaci\u00f3n en alternancia<br \/>* Gesti\u00f3n de Pr\u00e1cticas Profesionales<br \/>* Relaci\u00f3n formal con las Empresas<br \/>* Relaci\u00f3n formal con Instituciones de Educaci\u00f3n Superior<br \/>* Actualizaci\u00f3n de Competencias T\u00e9cnicas de los\/as Docentes<br \/>* Fortalecimiento de Competencias Pedag\u00f3gicas<\/p>\t\t\t\t\t\t\t\t<\/div>\n\t\t\t\t<\/div>\n\t\t\t\t<\/div>\n\t\t\t\t\t<\/div>\n\t\t\t\t<\/div>\n\t\t<div class=\"elementor-element elementor-element-f29fa21 e-flex e-con-boxed e-con e-parent\" data-id=\"f29fa21\" data-element_type=\"container\" data-e-type=\"container\">\n\t\t\t\t\t<div class=\"e-con-inner\">\n\t\t\t\t<div class=\"elementor-element elementor-element-4b118af elementor-widget-divider--view-line elementor-widget elementor-widget-divider\" data-id=\"4b118af\" data-element_type=\"widget\" data-e-type=\"widget\" data-widget_type=\"divider.default\">\n\t\t\t\t<div class=\"elementor-widget-container\">\n\t\t\t\t\t\t\t<div class=\"elementor-divider\">\n\t\t\t<span class=\"elementor-divider-separator\">\n\t\t\t\t\t\t<\/span>\n\t\t<\/div>\n\t\t\t\t\t\t<\/div>\n\t\t\t\t<\/div>\n\t\t\t\t\t<\/div>\n\t\t\t\t<\/div>\n\t\t<div class=\"elementor-element elementor-element-f0565e3 e-flex e-con-boxed e-con e-parent\" data-id=\"f0565e3\" data-element_type=\"container\" data-e-type=\"container\">\n\t\t\t\t\t<div class=\"e-con-inner\">\n\t\t\t\t<div class=\"elementor-element elementor-element-f426d16 elementor-widget elementor-widget-text-editor\" data-id=\"f426d16\" data-element_type=\"widget\" data-e-type=\"widget\" data-widget_type=\"text-editor.default\">\n\t\t\t\t<div class=\"elementor-widget-container\">\n\t\t\t\t\t\t\t\t\t<p>La adjudicaci\u00f3n de este programa vino de la mano con la implementaci\u00f3n de un proyecto que constaba de dos \u00e1reas:<\/p><p><span style=\"color: #ffffff;\">1) fortalecimiento educativo:<\/span><\/p><p>destinado a fortalecer competencias y habilidades docentes\u00a0 en lo socioemocional y la adquisici\u00f3n de estrategias innovadoras de aprendizaje; actividades de convivencia escolar destinadas a satisfacer las demandas de los estudiantes con respecto a actividades extraprogram\u00e1ticas.<\/p><p><span style=\"color: #ffffff;\">2) Infraestructura y mobiliario:<\/span><\/p><p>\u00a0destinado a implementar con equipamiento a la nueva especialidad de construcci\u00f3n con menci\u00f3n en edificaci\u00f3n y adquirir equipos para un laboratorio de ingl\u00e9s. Este \u00faltimo se espera que llegue al establecimiento durante el transcurso de este a\u00f1o 2023. Actualmente, nos encontramos en proceso de autoevaluaci\u00f3n de los est\u00e1ndares bicentenario, con el fin de visualizar nuestros avances y retrocesos para implementar estrategias de gesti\u00f3n que posibiliten seguir avanzando hacia la calidad educativa de los procesos institucionales.<\/p>\t\t\t\t\t\t\t\t<\/div>\n\t\t\t\t<\/div>\n\t\t\t\t\t<\/div>\n\t\t\t\t<\/div>\n\t\t<div class=\"elementor-element elementor-element-5eee122 e-flex e-con-boxed e-con e-parent\" data-id=\"5eee122\" data-element_type=\"container\" data-e-type=\"container\">\n\t\t\t\t\t<div class=\"e-con-inner\">\n\t\t\t\t<div class=\"elementor-element elementor-element-cf2b595 elementor-widget-divider--separator-type-pattern elementor-widget-divider--view-line elementor-widget elementor-widget-divider\" data-id=\"cf2b595\" data-element_type=\"widget\" data-e-type=\"widget\" data-widget_type=\"divider.default\">\n\t\t\t\t<div class=\"elementor-widget-container\">\n\t\t\t\t\t\t\t<div class=\"elementor-divider\" style=\"--divider-pattern-url: url(&quot;data:image\/svg+xml,%3Csvg xmlns=&#039;http:\/\/www.w3.org\/2000\/svg&#039; preserveAspectRatio=&#039;none&#039; overflow=&#039;visible&#039; height=&#039;100%&#039; viewBox=&#039;0 0 24 24&#039; fill=&#039;none&#039; stroke=&#039;black&#039; stroke-width=&#039;1&#039; stroke-linecap=&#039;square&#039; stroke-miterlimit=&#039;10&#039;%3E%3Cpath d=&#039;M0,21c3.3,0,8.3-0.9,15.7-7.1c6.6-5.4,4.4-9.3,2.4-10.3c-3.4-1.8-7.7,1.3-7.3,8.8C11.2,20,17.1,21,24,21&#039;\/%3E%3C\/svg%3E&quot;);\">\n\t\t\t<span class=\"elementor-divider-separator\">\n\t\t\t\t\t\t<\/span>\n\t\t<\/div>\n\t\t\t\t\t\t<\/div>\n\t\t\t\t<\/div>\n\t\t\t\t\t<\/div>\n\t\t\t\t<\/div>\n\t\t\t\t<\/div>\n\t\t","protected":false},"excerpt":{"rendered":"<p>Desde el a\u00f1o 2020 tenemos el sello BICENTENARIO. Este responde a un programa impulsado por el Ministerio de Educaci\u00f3n que busca fortalecer la Educaci\u00f3n Media en sus distintas modalidades, intencionando a que los Establecimientos Educacionales se comprometan a alcanzar, recuperar y\/o mantener est\u00e1ndares de excelencia y entregar una educaci\u00f3n de calidad, que permita acceder a [&hellip;]<\/p>\n","protected":false},"author":1,"featured_media":0,"parent":0,"menu_order":0,"comment_status":"closed","ping_status":"closed","template":"","meta":{"footnotes":""},"class_list":["post-27","page","type-page","status-publish","hentry"],"yoast_head":"<!-- This site is optimized with the Yoast SEO plugin v27.5 - https:\/\/yoast.com\/product\/yoast-seo-wordpress\/ -->\n<title>Somos un Establecimiento Bicentenario - Liceo Bicentenario Tomas Burgos Purranque<\/title>\n<meta name=\"robots\" content=\"index, follow, max-snippet:-1, max-image-preview:large, max-video-preview:-1\" \/>\n<link rel=\"canonical\" href=\"https:\/\/liceotomasburgos.cl\/sitio\/somos-bicentenario\/\" \/>\n<meta property=\"og:locale\" content=\"es_ES\" \/>\n<meta property=\"og:type\" content=\"article\" \/>\n<meta property=\"og:title\" content=\"Somos un Establecimiento Bicentenario - Liceo Bicentenario Tomas Burgos Purranque\" \/>\n<meta property=\"og:description\" content=\"Desde el a\u00f1o 2020 tenemos el sello BICENTENARIO. Este responde a un programa impulsado por el Ministerio de Educaci\u00f3n que busca fortalecer la Educaci\u00f3n Media en sus distintas modalidades, intencionando a que los Establecimientos Educacionales se comprometan a alcanzar, recuperar y\/o mantener est\u00e1ndares de excelencia y entregar una educaci\u00f3n de calidad, que permita acceder a [&hellip;]\" \/>\n<meta property=\"og:url\" content=\"https:\/\/liceotomasburgos.cl\/sitio\/somos-bicentenario\/\" \/>\n<meta property=\"og:site_name\" content=\"Liceo Bicentenario Tomas Burgos Purranque\" \/>\n<meta property=\"article:modified_time\" content=\"2024-04-10T14:50:49+00:00\" \/>\n<meta property=\"og:image\" content=\"https:\/\/liceotomasburgos.cl\/sitio\/wp-content\/uploads\/2024\/04\/logo-liceos-bicentenario-1.png\" \/>\n<meta name=\"twitter:card\" content=\"summary_large_image\" \/>\n<meta name=\"twitter:label1\" content=\"Tiempo estimado de lectura\" \/>\n\t<meta name=\"twitter:data1\" content=\"2 minutos\" \/>\n<script type=\"application\/ld+json\" class=\"yoast-schema-graph\">{\"@context\":\"https:\\\/\\\/schema.org\",\"@graph\":[{\"@type\":\"WebPage\",\"@id\":\"https:\\\/\\\/liceotomasburgos.cl\\\/sitio\\\/somos-bicentenario\\\/\",\"url\":\"https:\\\/\\\/liceotomasburgos.cl\\\/sitio\\\/somos-bicentenario\\\/\",\"name\":\"Somos un Establecimiento Bicentenario - Liceo Bicentenario Tomas Burgos Purranque\",\"isPartOf\":{\"@id\":\"https:\\\/\\\/liceotomasburgos.cl\\\/sitio\\\/#website\"},\"primaryImageOfPage\":{\"@id\":\"https:\\\/\\\/liceotomasburgos.cl\\\/sitio\\\/somos-bicentenario\\\/#primaryimage\"},\"image\":{\"@id\":\"https:\\\/\\\/liceotomasburgos.cl\\\/sitio\\\/somos-bicentenario\\\/#primaryimage\"},\"thumbnailUrl\":\"https:\\\/\\\/liceotomasburgos.cl\\\/sitio\\\/wp-content\\\/uploads\\\/2024\\\/04\\\/logo-liceos-bicentenario-1.png\",\"datePublished\":\"2024-04-09T18:17:11+00:00\",\"dateModified\":\"2024-04-10T14:50:49+00:00\",\"breadcrumb\":{\"@id\":\"https:\\\/\\\/liceotomasburgos.cl\\\/sitio\\\/somos-bicentenario\\\/#breadcrumb\"},\"inLanguage\":\"es-CL\",\"potentialAction\":[{\"@type\":\"ReadAction\",\"target\":[\"https:\\\/\\\/liceotomasburgos.cl\\\/sitio\\\/somos-bicentenario\\\/\"]}]},{\"@type\":\"ImageObject\",\"inLanguage\":\"es-CL\",\"@id\":\"https:\\\/\\\/liceotomasburgos.cl\\\/sitio\\\/somos-bicentenario\\\/#primaryimage\",\"url\":\"https:\\\/\\\/liceotomasburgos.cl\\\/sitio\\\/wp-content\\\/uploads\\\/2024\\\/04\\\/logo-liceos-bicentenario-1.png\",\"contentUrl\":\"https:\\\/\\\/liceotomasburgos.cl\\\/sitio\\\/wp-content\\\/uploads\\\/2024\\\/04\\\/logo-liceos-bicentenario-1.png\",\"width\":1366,\"height\":364},{\"@type\":\"BreadcrumbList\",\"@id\":\"https:\\\/\\\/liceotomasburgos.cl\\\/sitio\\\/somos-bicentenario\\\/#breadcrumb\",\"itemListElement\":[{\"@type\":\"ListItem\",\"position\":1,\"name\":\"Portada\",\"item\":\"https:\\\/\\\/liceotomasburgos.cl\\\/sitio\\\/\"},{\"@type\":\"ListItem\",\"position\":2,\"name\":\"Somos un Establecimiento Bicentenario\"}]},{\"@type\":\"WebSite\",\"@id\":\"https:\\\/\\\/liceotomasburgos.cl\\\/sitio\\\/#website\",\"url\":\"https:\\\/\\\/liceotomasburgos.cl\\\/sitio\\\/\",\"name\":\"Liceo Bicentenario Tomas Burgos Purranque\",\"description\":\"\",\"publisher\":{\"@id\":\"https:\\\/\\\/liceotomasburgos.cl\\\/sitio\\\/#organization\"},\"alternateName\":\"Liceo Purranque\",\"potentialAction\":[{\"@type\":\"SearchAction\",\"target\":{\"@type\":\"EntryPoint\",\"urlTemplate\":\"https:\\\/\\\/liceotomasburgos.cl\\\/sitio\\\/?s={search_term_string}\"},\"query-input\":{\"@type\":\"PropertyValueSpecification\",\"valueRequired\":true,\"valueName\":\"search_term_string\"}}],\"inLanguage\":\"es-CL\"},{\"@type\":\"Organization\",\"@id\":\"https:\\\/\\\/liceotomasburgos.cl\\\/sitio\\\/#organization\",\"name\":\"Liceo Bicentenario Tomas Burgos Purranque\",\"url\":\"https:\\\/\\\/liceotomasburgos.cl\\\/sitio\\\/\",\"logo\":{\"@type\":\"ImageObject\",\"inLanguage\":\"es-CL\",\"@id\":\"https:\\\/\\\/liceotomasburgos.cl\\\/sitio\\\/#\\\/schema\\\/logo\\\/image\\\/\",\"url\":\"https:\\\/\\\/liceotomasburgos.cl\\\/sitio\\\/wp-content\\\/uploads\\\/2024\\\/04\\\/LOGO-CON-VOLUMEN-25-X-25-CM-300-DPI-1.png\",\"contentUrl\":\"https:\\\/\\\/liceotomasburgos.cl\\\/sitio\\\/wp-content\\\/uploads\\\/2024\\\/04\\\/LOGO-CON-VOLUMEN-25-X-25-CM-300-DPI-1.png\",\"width\":3050,\"height\":3060,\"caption\":\"Liceo Bicentenario Tomas Burgos Purranque\"},\"image\":{\"@id\":\"https:\\\/\\\/liceotomasburgos.cl\\\/sitio\\\/#\\\/schema\\\/logo\\\/image\\\/\"}}]}<\/script>\n<!-- \/ Yoast SEO plugin. -->","yoast_head_json":{"title":"Somos un Establecimiento Bicentenario - Liceo Bicentenario Tomas Burgos Purranque","robots":{"index":"index","follow":"follow","max-snippet":"max-snippet:-1","max-image-preview":"max-image-preview:large","max-video-preview":"max-video-preview:-1"},"canonical":"https:\/\/liceotomasburgos.cl\/sitio\/somos-bicentenario\/","og_locale":"es_ES","og_type":"article","og_title":"Somos un Establecimiento Bicentenario - Liceo Bicentenario Tomas Burgos Purranque","og_description":"Desde el a\u00f1o 2020 tenemos el sello BICENTENARIO. Este responde a un programa impulsado por el Ministerio de Educaci\u00f3n que busca fortalecer la Educaci\u00f3n Media en sus distintas modalidades, intencionando a que los Establecimientos Educacionales se comprometan a alcanzar, recuperar y\/o mantener est\u00e1ndares de excelencia y entregar una educaci\u00f3n de calidad, que permita acceder a [&hellip;]","og_url":"https:\/\/liceotomasburgos.cl\/sitio\/somos-bicentenario\/","og_site_name":"Liceo Bicentenario Tomas Burgos Purranque","article_modified_time":"2024-04-10T14:50:49+00:00","og_image":[{"url":"https:\/\/liceotomasburgos.cl\/sitio\/wp-content\/uploads\/2024\/04\/logo-liceos-bicentenario-1.png","type":"","width":"","height":""}],"twitter_card":"summary_large_image","twitter_misc":{"Tiempo estimado de lectura":"2 minutos"},"schema":{"@context":"https:\/\/schema.org","@graph":[{"@type":"WebPage","@id":"https:\/\/liceotomasburgos.cl\/sitio\/somos-bicentenario\/","url":"https:\/\/liceotomasburgos.cl\/sitio\/somos-bicentenario\/","name":"Somos un Establecimiento Bicentenario - Liceo Bicentenario Tomas Burgos Purranque","isPartOf":{"@id":"https:\/\/liceotomasburgos.cl\/sitio\/#website"},"primaryImageOfPage":{"@id":"https:\/\/liceotomasburgos.cl\/sitio\/somos-bicentenario\/#primaryimage"},"image":{"@id":"https:\/\/liceotomasburgos.cl\/sitio\/somos-bicentenario\/#primaryimage"},"thumbnailUrl":"https:\/\/liceotomasburgos.cl\/sitio\/wp-content\/uploads\/2024\/04\/logo-liceos-bicentenario-1.png","datePublished":"2024-04-09T18:17:11+00:00","dateModified":"2024-04-10T14:50:49+00:00","breadcrumb":{"@id":"https:\/\/liceotomasburgos.cl\/sitio\/somos-bicentenario\/#breadcrumb"},"inLanguage":"es-CL","potentialAction":[{"@type":"ReadAction","target":["https:\/\/liceotomasburgos.cl\/sitio\/somos-bicentenario\/"]}]},{"@type":"ImageObject","inLanguage":"es-CL","@id":"https:\/\/liceotomasburgos.cl\/sitio\/somos-bicentenario\/#primaryimage","url":"https:\/\/liceotomasburgos.cl\/sitio\/wp-content\/uploads\/2024\/04\/logo-liceos-bicentenario-1.png","contentUrl":"https:\/\/liceotomasburgos.cl\/sitio\/wp-content\/uploads\/2024\/04\/logo-liceos-bicentenario-1.png","width":1366,"height":364},{"@type":"BreadcrumbList","@id":"https:\/\/liceotomasburgos.cl\/sitio\/somos-bicentenario\/#breadcrumb","itemListElement":[{"@type":"ListItem","position":1,"name":"Portada","item":"https:\/\/liceotomasburgos.cl\/sitio\/"},{"@type":"ListItem","position":2,"name":"Somos un Establecimiento Bicentenario"}]},{"@type":"WebSite","@id":"https:\/\/liceotomasburgos.cl\/sitio\/#website","url":"https:\/\/liceotomasburgos.cl\/sitio\/","name":"Liceo Bicentenario Tomas Burgos Purranque","description":"","publisher":{"@id":"https:\/\/liceotomasburgos.cl\/sitio\/#organization"},"alternateName":"Liceo Purranque","potentialAction":[{"@type":"SearchAction","target":{"@type":"EntryPoint","urlTemplate":"https:\/\/liceotomasburgos.cl\/sitio\/?s={search_term_string}"},"query-input":{"@type":"PropertyValueSpecification","valueRequired":true,"valueName":"search_term_string"}}],"inLanguage":"es-CL"},{"@type":"Organization","@id":"https:\/\/liceotomasburgos.cl\/sitio\/#organization","name":"Liceo Bicentenario Tomas Burgos Purranque","url":"https:\/\/liceotomasburgos.cl\/sitio\/","logo":{"@type":"ImageObject","inLanguage":"es-CL","@id":"https:\/\/liceotomasburgos.cl\/sitio\/#\/schema\/logo\/image\/","url":"https:\/\/liceotomasburgos.cl\/sitio\/wp-content\/uploads\/2024\/04\/LOGO-CON-VOLUMEN-25-X-25-CM-300-DPI-1.png","contentUrl":"https:\/\/liceotomasburgos.cl\/sitio\/wp-content\/uploads\/2024\/04\/LOGO-CON-VOLUMEN-25-X-25-CM-300-DPI-1.png","width":3050,"height":3060,"caption":"Liceo Bicentenario Tomas Burgos Purranque"},"image":{"@id":"https:\/\/liceotomasburgos.cl\/sitio\/#\/schema\/logo\/image\/"}}]}},"_links":{"self":[{"href":"https:\/\/liceotomasburgos.cl\/sitio\/wp-json\/wp\/v2\/pages\/27","targetHints":{"allow":["GET"]}}],"collection":[{"href":"https:\/\/liceotomasburgos.cl\/sitio\/wp-json\/wp\/v2\/pages"}],"about":[{"href":"https:\/\/liceotomasburgos.cl\/sitio\/wp-json\/wp\/v2\/types\/page"}],"author":[{"embeddable":true,"href":"https:\/\/liceotomasburgos.cl\/sitio\/wp-json\/wp\/v2\/users\/1"}],"replies":[{"embeddable":true,"href":"https:\/\/liceotomasburgos.cl\/sitio\/wp-json\/wp\/v2\/comments?post=27"}],"version-history":[{"count":33,"href":"https:\/\/liceotomasburgos.cl\/sitio\/wp-json\/wp\/v2\/pages\/27\/revisions"}],"predecessor-version":[{"id":168,"href":"https:\/\/liceotomasburgos.cl\/sitio\/wp-json\/wp\/v2\/pages\/27\/revisions\/168"}],"wp:attachment":[{"href":"https:\/\/liceotomasburgos.cl\/sitio\/wp-json\/wp\/v2\/media?parent=27"}],"curies":[{"name":"wp","href":"https:\/\/api.w.org\/{rel}","templated":true}]}}